{"id":58,"date":"2016-05-10T10:33:03","date_gmt":"2016-05-10T10:33:03","guid":{"rendered":"http:\/\/probelauf.textur-buero.de\/?page_id=58"},"modified":"2025-03-12T18:56:40","modified_gmt":"2025-03-12T18:56:40","slug":"arbeit-macht-das-leben-suess","status":"publish","type":"page","link":"http:\/\/hans-igel.de\/?page_id=58","title":{"rendered":"Arbeit macht das Leben&nbsp;s\u00fc\u00df"},"content":{"rendered":"<p><strong>Erz\u00e4hl-, Schreib- und Theaterwerkstatt<\/strong><\/p>\n<p><span style=\"color: #008000;\"><em>Arbeits\u00adlo\u00adsig\u00adkeit macht krank - Arbeit manch\u00admal auch. Wo ist er&nbsp; geblie\u00adben, der alte Mensch\u00adheits\u00adtraum, weni\u00adger arbei\u00adten zu m\u00fcs\u00adsen? I<\/em><em>n was f\u00fcr einer Gesell\u00adschaft wol\u00adlen wir eigent\u00adlich&nbsp;leben?<\/em><\/span><\/p>\n<p>Im Pro\u00adjekt\u00adver\u00adlauf hat\u00adten sich mehr als 100 Men\u00adschen im Alter von 7 bis 102 Jah\u00adren erz\u00e4h\u00adlend, dis\u00adku\u00adtie\u00adrend, malend, schrei\u00adbend, Thea\u00adter spie\u00adlend mit Arbeit und Arbeits\u00adlo\u00adsig\u00adkeit aus\u00adein\u00adan\u00adder\u00adge\u00adsetzt, mit \u00fcber\u00adgrei\u00adfen\u00adden gesell\u00adschafts\u00adpo\u00adli\u00adti\u00adschen The\u00admen oder mit ihren ganz per\u00ads\u00f6n\u00adli\u00adchen Erfah\u00adrun\u00adgen, Ver\u00adlet\u00adzun\u00adgen, Erfol\u00adgen und Tr\u00e4umen.<\/p>\n<p><code>\t\n\t\t\n\t<\/code><\/p><div id=\"meteor-slideshowarbeit\" class=\"meteor-slides arbeit navpaged { next: '#meteor-nextarbeit', prev: '#meteor-prevarbeit', pager: '#meteor-buttonsarbeit' }\">\n\t\n\t\t\t\n\t\t\t\n\t\t\t<div id=\"meteor-buttonsarbeit\" class=\"meteor-buttons\"><\/div>\n\t\t\t\n\t\t\t\t\n\t\t\t\n\t\t<div class=\"meteor-clip\">\n\t\n\t\t\t\t\n\t\t\t<img decoding=\"async\" style=\"visibility: hidden;\" class=\"meteor-shim\" src=\"http:\/\/hans-igel.de\/wp-content\/uploads\/2016\/05\/D2-ARBEIT-9.Foto_-e1463470979394.jpg\" alt>\n\t\t\t<div class=\"mslide mslide-1\">\n\t\t\t\t\n\t\t\t\t\t\t\t\t\t\n\t\t\t\t\t<img loading=\"lazy\" decoding=\"async\" width=\"900\" height=\"598\" src=\"http:\/\/hans-igel.de\/wp-content\/uploads\/2016\/05\/D2-ARBEIT-9.Foto_-e1463470979394.jpg\" class=\"attachment-featured-slide size-featured-slide wp-post-image\" alt title=\"Arbeit macht das Leben&nbsp;s\u00fc\u00df&nbsp;\u2026\">\t\t\t\t\t\n\t\t\t\t\t\t\t\n\t\t\t<\/div><!-- .mslide -->\n\t\t\t\n\t\t\t\t\t\t\n\t\t\t\t\n\t\t\t\n\t\t\t<div class=\"mslide mslide-2\">\n\t\t\t\t\n\t\t\t\t\t\t\t\t\t\n\t\t\t\t\t<img loading=\"lazy\" decoding=\"async\" width=\"900\" height=\"598\" src=\"http:\/\/hans-igel.de\/wp-content\/uploads\/2016\/05\/D2-ARBEIT-6.Foto_-e1463470824714.jpg\" class=\"attachment-featured-slide size-featured-slide wp-post-image\" alt title=\"Arbeit macht das Leben&nbsp;s\u00fc\u00df&nbsp;\u2026\">\t\t\t\t\t\n\t\t\t\t\t\t\t\n\t\t\t<\/div><!-- .mslide -->\n\t\t\t\n\t\t\t\t\t\t\n\t\t\t\t\n\t\t\t\n\t\t\t<div class=\"mslide mslide-3\">\n\t\t\t\t\n\t\t\t\t\t\t\t\t\t\n\t\t\t\t\t<img loading=\"lazy\" decoding=\"async\" width=\"900\" height=\"598\" src=\"http:\/\/hans-igel.de\/wp-content\/uploads\/2016\/05\/D2-ARBEIT-2.Foto_-e1463470294987.jpg\" class=\"attachment-featured-slide size-featured-slide wp-post-image\" alt title=\"Arbeit macht das Leben&nbsp;s\u00fc\u00df&nbsp;\u2026\">\t\t\t\t\t\n\t\t\t\t\t\t\t\n\t\t\t<\/div><!-- .mslide -->\n\t\t\t\n\t\t\t\t\t\t\n\t\t\t\t\n\t\t\t\n\t\t\t<div class=\"mslide mslide-4\">\n\t\t\t\t\n\t\t\t\t\t\t\t\t\t\n\t\t\t\t\t<img loading=\"lazy\" decoding=\"async\" width=\"900\" height=\"598\" src=\"http:\/\/hans-igel.de\/wp-content\/uploads\/2016\/05\/D2-ARBEIT-7.Foto_-e1463470865781.jpg\" class=\"attachment-featured-slide size-featured-slide wp-post-image\" alt title=\"Arbeit macht das Leben&nbsp;s\u00fc\u00df&nbsp;\u2026\">\t\t\t\t\t\n\t\t\t\t\t\t\t\n\t\t\t<\/div><!-- .mslide -->\n\t\t\t\n\t\t\t\t\t\t\n\t\t\t\t\n\t\t\t\n\t\t\t<div class=\"mslide mslide-5\">\n\t\t\t\t\n\t\t\t\t\t\t\t\t\t\n\t\t\t\t\t<img loading=\"lazy\" decoding=\"async\" width=\"900\" height=\"598\" src=\"http:\/\/hans-igel.de\/wp-content\/uploads\/2016\/05\/D2-ARBEIT-3.Foto_-e1463470333931.jpg\" class=\"attachment-featured-slide size-featured-slide wp-post-image\" alt title=\"Arbeit macht das Leben&nbsp;s\u00fc\u00df&nbsp;\u2026\">\t\t\t\t\t\n\t\t\t\t\t\t\t\n\t\t\t<\/div><!-- .mslide -->\n\t\t\t\n\t\t\t\t\t\t\n\t\t\t\t\n\t\t<\/div><!-- .meteor-clip -->\n\t\t\t\t\n\t\t\t\t\t\n\t<\/div><!-- .meteor-slides -->\n\t\n\t\n<p>Alte Men\u00adschen erz\u00e4hl\u00adten stolz aus ihrem Arbeits\u00adle\u00adben, Men\u00adschen im mitt\u00adle\u00adren Alter berich\u00adte\u00adten von ihren Kon\u00adflik\u00adten - aber wenigs\u00adtens hat\u00adten die Jun\u00adgen noch Tr\u00e4ume!<\/p>\n<p>Die Pro\u00adjekt\u00addo\u00adku\u00admen\u00adta\u00adti\u00adon - <span style=\"color: #008000;\"><a style=\"color: #008000;\" href=\"http:\/\/probelauf.textur-buero.de\/wp-content\/uploads\/2016\/05\/D2-ARB-Brosch\u00fcre.pdf\" target=\"_blank\" rel=\"noopener\">ARB-Bro\u00adsch\u00fc\u00adre<\/a><\/span>&nbsp; - gibt Ein\u00adblick in die Viel\u00adfalt der Begeg\u00adnun\u00adgen und The\u00admen w\u00e4h\u00adrend des 14-mona\u00adti\u00adgen Arbeitsprozesses.<\/p>\n<p><img loading=\"lazy\" decoding=\"async\" class=\"alignnone wp-image-152\" src=\"http:\/\/probelauf.textur-buero.de\/wp-content\/uploads\/2016\/05\/Arbeitmachtdaslebensuess-300x213.jpg\" alt=\"Arbeitmachtdaslebensuess\" width=\"504\" height=\"358\" srcset=\"http:\/\/hans-igel.de\/wp-content\/uploads\/2016\/05\/Arbeitmachtdaslebensuess-300x213.jpg 300w, http:\/\/hans-igel.de\/wp-content\/uploads\/2016\/05\/Arbeitmachtdaslebensuess-768x544.jpg 768w, http:\/\/hans-igel.de\/wp-content\/uploads\/2016\/05\/Arbeitmachtdaslebensuess-1024x726.jpg 1024w, http:\/\/hans-igel.de\/wp-content\/uploads\/2016\/05\/Arbeitmachtdaslebensuess.jpg 1168w\" sizes=\"(max-width: 504px) 100vw, 504px\"><\/p>\n<p><span style=\"color: #008000;\">Inter\u00ades\u00adsen\u00adten k\u00f6n\u00adnen die Bro\u00adsch\u00fc\u00adre gegen R\u00fcck\u00adpor\u00adto ger\u00adne beim Ver\u00adein anfordern.<\/span><\/p>\n<p>Die Thea\u00adter\u00adgrup\u00adpe, die sich zusam\u00admen\u00adfand - Dona\u00adta Beth\u00adke, Chris\u00adti\u00adan Els\u00adner, Syl\u00adva\u00adna Gro\u00df, Ulri\u00adke Haa\u00adse, Bri\u00adgit\u00adte Kalus, Julia\u00adne Men\u00adde und Mari\u00adus Mle\u00adwa - hat unter der Lei\u00adtung des Thea\u00adter\u00adp\u00e4d\u00adago\u00adgen Axel Tr\u00f6\u00adger The\u00admen und Stim\u00admun\u00adgen auf\u00adge\u00adgrif\u00adfen, die die vie\u00adlen Begeg\u00adnun\u00adgen an die Ober\u00adfl\u00e4\u00adche sp\u00fcl\u00adten. Impro\u00advi\u00adsie\u00adrend wur\u00adden Thea\u00adter\u00adsze\u00adnen erar\u00adbei\u00adtet und fixiert, von denen sechs zum Abschluss im T-Werk in der Schiff\u00adbau\u00ader\u00adgas\u00adse zur Auf\u00adf\u00fch\u00adrung&nbsp;kamen.<\/p>\n<p>Das Pro\u00adjekt wur\u00adde gef\u00f6r\u00addert&nbsp;von:<\/p>\n<p><a href=\"http:\/\/www.stiftungwaisenhaus.de\/\" target=\"_blank\" rel=\"noopener\">Stif\u00adtung \u201eGro\u00ad\u00dfes Wai\u00adsen\u00adhaus zu Pots\u00addam\u201c<\/a>, Stif\u00adtung <a href=\"http:\/\/www.labournet.de\/stiftungmunda\/\" target=\"_blank\" rel=\"noopener\">Men\u00adschen\u00adw\u00fcr\u00adde und Arbeits\u00adwelt<\/a>, die Gesellschafter.de<br>\nDie <a href=\"http:\/\/www.rosaluxemburgstiftung.de\/\" target=\"_blank\" rel=\"noopener\">Rosa-Luxem\u00adburg-Stif\u00adtung<\/a> unter\u00adst\u00fctz\u00adte das Projekt.<\/p>\n<p>Die Thea\u00adter\u00adauf\u00adf\u00fch\u00adrun\u00adgen fan\u00adden in Koope\u00adra\u00adti\u00adon mit dem <a href=\"http:\/\/www.t-werk.de\/\" target=\"_blank\" rel=\"noopener\">T-Werk<\/a> statt.<\/p>\n<table style=\"border-collapse: collapse; border-bottom: none; border: 0px none #fff;\" border=\"1\">\n<tbody>\n<tr>\n<td style=\"border-collapse: collapse; border-bottom: none; border: 0px none #fff;\"><img loading=\"lazy\" decoding=\"async\" class=\"alignnone size-medium wp-image-163\" src=\"http:\/\/probelauf.textur-buero.de\/wp-content\/uploads\/2016\/05\/Stiftung_HKS16K_mit_Schrift-RGB-300x177.jpg\" alt=\"Stiftung_HKS16K_mit_Schrift-RGB\" width=\"300\" height=\"177\" srcset=\"http:\/\/hans-igel.de\/wp-content\/uploads\/2016\/05\/Stiftung_HKS16K_mit_Schrift-RGB-300x177.jpg 300w, http:\/\/hans-igel.de\/wp-content\/uploads\/2016\/05\/Stiftung_HKS16K_mit_Schrift-RGB-768x453.jpg 768w, http:\/\/hans-igel.de\/wp-content\/uploads\/2016\/05\/Stiftung_HKS16K_mit_Schrift-RGB-1024x603.jpg 1024w\" sizes=\"(max-width: 300px) 100vw, 300px\"><\/td>\n<td style=\"border-collapse: collapse; border-bottom: none; border: 0px none #fff;\"><img loading=\"lazy\" decoding=\"async\" class=\"alignnone size-medium wp-image-161\" src=\"http:\/\/probelauf.textur-buero.de\/wp-content\/uploads\/2016\/05\/Logo_rls_BBG_2a-300x201.png\" alt=\"Logo_rls_BBG_2a\" width=\"300\" height=\"201\" srcset=\"http:\/\/hans-igel.de\/wp-content\/uploads\/2016\/05\/Logo_rls_BBG_2a-300x201.png 300w, http:\/\/hans-igel.de\/wp-content\/uploads\/2016\/05\/Logo_rls_BBG_2a.png 435w\" sizes=\"(max-width: 300px) 100vw, 300px\"><\/td>\n<td style=\"border-collapse: collapse; border-bottom: none; border: 0px none #fff;\"><img loading=\"lazy\" decoding=\"async\" class=\"alignnone size-medium wp-image-162\" src=\"http:\/\/probelauf.textur-buero.de\/wp-content\/uploads\/2016\/05\/logo_twerk_grey-300x297.jpg\" alt=\"logo_twerk_grey\" width=\"300\" height=\"297\" srcset=\"http:\/\/hans-igel.de\/wp-content\/uploads\/2016\/05\/logo_twerk_grey-300x297.jpg 300w, http:\/\/hans-igel.de\/wp-content\/uploads\/2016\/05\/logo_twerk_grey-150x150.jpg 150w, http:\/\/hans-igel.de\/wp-content\/uploads\/2016\/05\/logo_twerk_grey-768x760.jpg 768w, http:\/\/hans-igel.de\/wp-content\/uploads\/2016\/05\/logo_twerk_grey-1024x1014.jpg 1024w, http:\/\/hans-igel.de\/wp-content\/uploads\/2016\/05\/logo_twerk_grey.jpg 1830w\" sizes=\"(max-width: 300px) 100vw, 300px\"><\/td>\n<td style=\"border-collapse: collapse; border-bottom: none; border: 0px none #fff;\"><img loading=\"lazy\" decoding=\"async\" class=\"alignnone size-medium wp-image-165\" src=\"http:\/\/probelauf.textur-buero.de\/wp-content\/uploads\/2016\/05\/diegesellschafter_RGB_100dp-300x38.jpg\" alt=\"diegesellschafter_RGB_100dp\" width=\"300\" height=\"38\" srcset=\"http:\/\/hans-igel.de\/wp-content\/uploads\/2016\/05\/diegesellschafter_RGB_100dp-300x38.jpg 300w, http:\/\/hans-igel.de\/wp-content\/uploads\/2016\/05\/diegesellschafter_RGB_100dp-768x98.jpg 768w, http:\/\/hans-igel.de\/wp-content\/uploads\/2016\/05\/diegesellschafter_RGB_100dp.jpg 928w\" sizes=\"(max-width: 300px) 100vw, 300px\"><\/td>\n<\/tr>\n<\/tbody>\n<\/table>\n\n\n<p>(2010)<\/p>\n","protected":false},"excerpt":{"rendered":"<p>Erz\u00e4hl-, Schreib- und Thea\u00adter\u00adwerk\u00adstatt Arbeits\u00adlo\u00adsig\u00adkeit macht krank - Arbeit manch\u00admal auch. Wo ist er&nbsp; geblie\u00adben, der alte Mensch\u00adheits\u00adtraum, weni\u00adger arbei\u00adten zu m\u00fcs\u00adsen? In was f\u00fcr einer Gesell\u00adschaft wol\u00adlen wir eigent\u00adlich&nbsp;leben? Im Pro\u00adjekt\u00adver\u00adlauf hat\u00adten sich mehr als 100 Men\u00adschen im Alter von 7 bis 102 Jah\u00adren erz\u00e4h\u00adlend, dis\u00adku\u00adtie\u00adrend, malend, schrei\u00adbend, Thea\u00adter spie\u00adlend mit Arbeit und Arbeits\u00adlo\u00adsig\u00adkeit \u2026 <a href=\"http:\/\/hans-igel.de\/?page_id=58\" class=\"more-link\"><span class=\"screen-reader-text\">Arbeit macht das Leben&nbsp;s\u00fc\u00df<\/span> wei\u00adter\u00adle\u00adsen <span class=\"meta-nav\">\u2192<\/span><\/a><\/p>\n","protected":false},"author":1,"featured_media":0,"parent":0,"menu_order":0,"comment_status":"closed","ping_status":"closed","template":"","meta":{"sfsi_plus_gutenberg_text_before_share":"","sfsi_plus_gutenberg_show_text_before_share":"","sfsi_plus_gutenberg_icon_type":"","sfsi_plus_gutenberg_icon_alignemt":"","sfsi_plus_gutenburg_max_per_row":"","wp_typography_post_enhancements_disabled":false,"footnotes":""},"class_list":["post-58","page","type-page","status-publish","hentry"],"yoast_head":"<!-- This site is optimized with the Yoast SEO plugin v24.7 - https:\/\/yoast.com\/wordpress\/plugins\/seo\/ -->\n<title>Arbeit macht das Leben s\u00fc\u00df - Hans Igel<\/title>\n<meta name=\"description\" content=\"Arbeitslosigkeit macht krank - Arbeit manchmal auch. Wo ist er geblieben der alte Menschheitstraum, weniger arbeiten zu m\u00fcssen?\" \/>\n<meta name=\"robots\" content=\"index, follow, max-snippet:-1, max-image-preview:large, max-video-preview:-1\" \/>\n<link rel=\"canonical\" href=\"https:\/\/hans-igel.de\/?page_id=58\" \/>\n<meta property=\"og:locale\" content=\"de_DE\" \/>\n<meta property=\"og:type\" content=\"article\" \/>\n<meta property=\"og:title\" content=\"Arbeit macht das Leben s\u00fc\u00df - Hans Igel\" \/>\n<meta property=\"og:description\" content=\"Arbeitslosigkeit macht krank - Arbeit manchmal auch. Wo ist er geblieben der alte Menschheitstraum, weniger arbeiten zu m\u00fcssen?\" \/>\n<meta property=\"og:url\" content=\"https:\/\/hans-igel.de\/?page_id=58\" \/>\n<meta property=\"og:site_name\" content=\"Hans Igel\" \/>\n<meta property=\"article:modified_time\" content=\"2025-03-12T18:56:40+00:00\" \/>\n<meta property=\"og:image\" content=\"http:\/\/probelauf.textur-buero.de\/wp-content\/uploads\/2016\/05\/Arbeitmachtdaslebensuess-300x213.jpg\" \/>\n<meta name=\"twitter:card\" content=\"summary_large_image\" \/>\n<meta name=\"twitter:label1\" content=\"Gesch\u00e4tzte Lesezeit\" \/>\n\t<meta name=\"twitter:data1\" content=\"3\u00a0Minuten\" \/>\n<script type=\"application\/ld+json\" class=\"yoast-schema-graph\">{\"@context\":\"https:\/\/schema.org\",\"@graph\":[{\"@type\":\"WebPage\",\"@id\":\"https:\/\/hans-igel.de\/?page_id=58\",\"url\":\"https:\/\/hans-igel.de\/?page_id=58\",\"name\":\"Arbeit macht das Leben s\u00fc\u00df - Hans Igel\",\"isPartOf\":{\"@id\":\"http:\/\/hans-igel.de\/#website\"},\"primaryImageOfPage\":{\"@id\":\"https:\/\/hans-igel.de\/?page_id=58#primaryimage\"},\"image\":{\"@id\":\"https:\/\/hans-igel.de\/?page_id=58#primaryimage\"},\"thumbnailUrl\":\"http:\/\/probelauf.textur-buero.de\/wp-content\/uploads\/2016\/05\/Arbeitmachtdaslebensuess-300x213.jpg\",\"datePublished\":\"2016-05-10T10:33:03+00:00\",\"dateModified\":\"2025-03-12T18:56:40+00:00\",\"description\":\"Arbeitslosigkeit macht krank - Arbeit manchmal auch. Wo ist er geblieben der alte Menschheitstraum, weniger arbeiten zu m\u00fcssen?\",\"breadcrumb\":{\"@id\":\"https:\/\/hans-igel.de\/?page_id=58#breadcrumb\"},\"inLanguage\":\"de\",\"potentialAction\":[{\"@type\":\"ReadAction\",\"target\":[\"https:\/\/hans-igel.de\/?page_id=58\"]}]},{\"@type\":\"ImageObject\",\"inLanguage\":\"de\",\"@id\":\"https:\/\/hans-igel.de\/?page_id=58#primaryimage\",\"url\":\"http:\/\/probelauf.textur-buero.de\/wp-content\/uploads\/2016\/05\/Arbeitmachtdaslebensuess-300x213.jpg\",\"contentUrl\":\"http:\/\/probelauf.textur-buero.de\/wp-content\/uploads\/2016\/05\/Arbeitmachtdaslebensuess-300x213.jpg\"},{\"@type\":\"BreadcrumbList\",\"@id\":\"https:\/\/hans-igel.de\/?page_id=58#breadcrumb\",\"itemListElement\":[{\"@type\":\"ListItem\",\"position\":1,\"name\":\"Startseite\",\"item\":\"http:\/\/hans-igel.de\/\"},{\"@type\":\"ListItem\",\"position\":2,\"name\":\"Arbeit macht das Leben&nbsp;s\u00fc\u00df\"}]},{\"@type\":\"WebSite\",\"@id\":\"http:\/\/hans-igel.de\/#website\",\"url\":\"http:\/\/hans-igel.de\/\",\"name\":\"Hans Igel\",\"description\":\"Verein f\u00fcr Inklusion &amp; Theater e. V. wurde 2008 in Potsdam gegr\u00fcndet und f\u00fchrt Theaterprojekte mit inklusivem Charakter durch.\",\"potentialAction\":[{\"@type\":\"SearchAction\",\"target\":{\"@type\":\"EntryPoint\",\"urlTemplate\":\"http:\/\/hans-igel.de\/?s={search_term_string}\"},\"query-input\":{\"@type\":\"PropertyValueSpecification\",\"valueRequired\":true,\"valueName\":\"search_term_string\"}}],\"inLanguage\":\"de\"}]}<\/script>\n<!-- \/ Yoast SEO plugin. -->","yoast_head_json":{"title":"Arbeit macht das Leben s\u00fc\u00df - Hans Igel","description":"Arbeitslosigkeit macht krank - Arbeit manchmal auch. Wo ist er geblieben der alte Menschheitstraum, weniger arbeiten zu m\u00fcssen?","robots":{"index":"index","follow":"follow","max-snippet":"max-snippet:-1","max-image-preview":"max-image-preview:large","max-video-preview":"max-video-preview:-1"},"canonical":"https:\/\/hans-igel.de\/?page_id=58","og_locale":"de_DE","og_type":"article","og_title":"Arbeit macht das Leben s\u00fc\u00df - Hans Igel","og_description":"Arbeitslosigkeit macht krank - Arbeit manchmal auch. Wo ist er geblieben der alte Menschheitstraum, weniger arbeiten zu m\u00fcssen?","og_url":"https:\/\/hans-igel.de\/?page_id=58","og_site_name":"Hans Igel","article_modified_time":"2025-03-12T18:56:40+00:00","og_image":[{"url":"http:\/\/probelauf.textur-buero.de\/wp-content\/uploads\/2016\/05\/Arbeitmachtdaslebensuess-300x213.jpg","type":"","width":"","height":""}],"twitter_card":"summary_large_image","twitter_misc":{"Gesch\u00e4tzte Lesezeit":"3\u00a0Minuten"},"schema":{"@context":"https:\/\/schema.org","@graph":[{"@type":"WebPage","@id":"https:\/\/hans-igel.de\/?page_id=58","url":"https:\/\/hans-igel.de\/?page_id=58","name":"Arbeit macht das Leben s\u00fc\u00df - Hans Igel","isPartOf":{"@id":"http:\/\/hans-igel.de\/#website"},"primaryImageOfPage":{"@id":"https:\/\/hans-igel.de\/?page_id=58#primaryimage"},"image":{"@id":"https:\/\/hans-igel.de\/?page_id=58#primaryimage"},"thumbnailUrl":"http:\/\/probelauf.textur-buero.de\/wp-content\/uploads\/2016\/05\/Arbeitmachtdaslebensuess-300x213.jpg","datePublished":"2016-05-10T10:33:03+00:00","dateModified":"2025-03-12T18:56:40+00:00","description":"Arbeitslosigkeit macht krank - Arbeit manchmal auch. Wo ist er geblieben der alte Menschheitstraum, weniger arbeiten zu m\u00fcssen?","breadcrumb":{"@id":"https:\/\/hans-igel.de\/?page_id=58#breadcrumb"},"inLanguage":"de","potentialAction":[{"@type":"ReadAction","target":["https:\/\/hans-igel.de\/?page_id=58"]}]},{"@type":"ImageObject","inLanguage":"de","@id":"https:\/\/hans-igel.de\/?page_id=58#primaryimage","url":"http:\/\/probelauf.textur-buero.de\/wp-content\/uploads\/2016\/05\/Arbeitmachtdaslebensuess-300x213.jpg","contentUrl":"http:\/\/probelauf.textur-buero.de\/wp-content\/uploads\/2016\/05\/Arbeitmachtdaslebensuess-300x213.jpg"},{"@type":"BreadcrumbList","@id":"https:\/\/hans-igel.de\/?page_id=58#breadcrumb","itemListElement":[{"@type":"ListItem","position":1,"name":"Startseite","item":"http:\/\/hans-igel.de\/"},{"@type":"ListItem","position":2,"name":"Arbeit macht das Leben&nbsp;s\u00fc\u00df"}]},{"@type":"WebSite","@id":"http:\/\/hans-igel.de\/#website","url":"http:\/\/hans-igel.de\/","name":"Hans Igel","description":"Verein f\u00fcr Inklusion &amp; Theater e. V. wurde 2008 in Potsdam gegr\u00fcndet und f\u00fchrt Theaterprojekte mit inklusivem Charakter durch.","potentialAction":[{"@type":"SearchAction","target":{"@type":"EntryPoint","urlTemplate":"http:\/\/hans-igel.de\/?s={search_term_string}"},"query-input":{"@type":"PropertyValueSpecification","valueRequired":true,"valueName":"search_term_string"}}],"inLanguage":"de"}]}},"jetpack_sharing_enabled":true,"_links":{"self":[{"href":"http:\/\/hans-igel.de\/index.php?rest_route=\/wp\/v2\/pages\/58"}],"collection":[{"href":"http:\/\/hans-igel.de\/index.php?rest_route=\/wp\/v2\/pages"}],"about":[{"href":"http:\/\/hans-igel.de\/index.php?rest_route=\/wp\/v2\/types\/page"}],"author":[{"embeddable":true,"href":"http:\/\/hans-igel.de\/index.php?rest_route=\/wp\/v2\/users\/1"}],"replies":[{"embeddable":true,"href":"http:\/\/hans-igel.de\/index.php?rest_route=%2Fwp%2Fv2%2Fcomments&post=58"}],"version-history":[{"count":30,"href":"http:\/\/hans-igel.de\/index.php?rest_route=\/wp\/v2\/pages\/58\/revisions"}],"predecessor-version":[{"id":527,"href":"http:\/\/hans-igel.de\/index.php?rest_route=\/wp\/v2\/pages\/58\/revisions\/527"}],"wp:attachment":[{"href":"http:\/\/hans-igel.de\/index.php?rest_route=%2Fwp%2Fv2%2Fmedia&parent=58"}],"curies":[{"name":"wp","href":"https:\/\/api.w.org\/{rel}","templated":true}]}}