{"id":5,"date":"2016-05-10T07:48:53","date_gmt":"2016-05-10T07:48:53","guid":{"rendered":"http:\/\/probelauf.textur-buero.de\/?page_id=5"},"modified":"2025-10-13T08:31:09","modified_gmt":"2025-10-13T08:31:09","slug":"verein","status":"publish","type":"page","link":"http:\/\/hans-igel.de\/?page_id=5","title":{"rendered":"Verein"},"content":{"rendered":"<p><img loading=\"lazy\" decoding=\"async\" class=\"wp-image-490 aligncenter\" src=\"http:\/\/hans-igel.de\/wp-content\/uploads\/2025\/01\/hansigel.png\" alt width=\"301\" height=\"58\" srcset=\"http:\/\/hans-igel.de\/wp-content\/uploads\/2025\/01\/hansigel.png 637w, http:\/\/hans-igel.de\/wp-content\/uploads\/2025\/01\/hansigel-300x58.png 300w, http:\/\/hans-igel.de\/wp-content\/uploads\/2025\/01\/hansigel-250x48.png 250w\" sizes=\"(max-width: 301px) 100vw, 301px\"><\/p>\n<p>\u2026 wur\u00adde im Herbst 2008 in Pots\u00addam gegr\u00fcn\u00addet.&nbsp; Die Gr\u00fcn\u00addungs\u00admit\u00adglie\u00adder sind Leiter*innen und Teilnehmer*innen sehr unter\u00adschied\u00adli\u00adcher Inte\u00adgra\u00adti\u00adons\u00adpro\u00adjek\u00adte der ver\u00adgan\u00adge\u00adnen Jah\u00adre und ein akti\u00adver Freundeskreis.<\/p>\n<p>Die Akti\u00advi\u00adt\u00e4\u00adten began\u00adnen 2001 im <a href=\"http:\/\/www.hdb-potsdam.de\/index.php?ueber_uns\" target=\"_blank\" rel=\"noopener\">Pots\u00adda\u00admer Haus der Begeg\u00adnung<\/a>: Men\u00adschen mit und ohne Behin\u00adde\u00adrung, Migrant*innen, Kin\u00adder, Jugend\u00adli\u00adche und Senio\u00adrin\u00adnen spiel\u00adten hier gemein\u00adsam Thea\u00adter und mach\u00adten den Inte\u00adgra\u00adti\u00adons\u00adge\u00addan\u00adken f\u00fcr die \u00d6ffent\u00adlich\u00adkeit erlebbar.<\/p>\n<p><span style=\"color: #158445;\">&nbsp;<\/span><span style=\"color: #008000;\">\u201eKlas\u00adse find\u2018 ich, dass man hier Leu\u00adte ken\u00adnen lernt, auf die man so nie zuge\u00adhen w\u00fcr\u00adde, weil die ein\u00adfach total anders sind.\u201c <\/span>(Pro\u00adjekt\u00adteil\u00adneh\u00adme\u00adrin)<em><br>\n<\/em><\/p>\n<p>2005 ent\u00adstand unter der Lei\u00adtung von Axel Tr\u00f6\u00adger das Thea\u00adter\u00adst\u00fcck \u201eHans Igel \u2013 Ent\u00adbehr\u00adli\u00adche aller L\u00e4n\u00adder ver\u00adei\u00adnigt Euch!\u201c, eine sehr freie Adap\u00adti\u00adon des Br\u00fc\u00adder-Grimm-M\u00e4r\u00adchens \u201e<span style=\"color: #008000;\"><a style=\"color: #008000;\" href=\"http:\/\/probelauf.textur-buero.de\/?page_id=7\">Hans mein Igel<\/a><\/span>\u201c. In selbst ent\u00adwi\u00adckel\u00adten Sze\u00adnen ging es um Aus\u00adgren\u00adzung und Soli\u00adda\u00adri\u00adt\u00e4t, um den Wunsch nach selbst\u00adbe\u00adstimm\u00adtem Leben und um die Erfah\u00adrung, in die\u00adser Gesell\u00adschaft voll\u00adkom\u00admen ent\u00adbehr\u00adlich zu&nbsp;sein.<\/p>\n<p>Hans Igel \u2013 Ver\u00adein f\u00fcr Inte\u00adgra\u00adti\u00adon &amp; Thea\u00adter e. V. f\u00fchrt das Begon\u00adne\u00adne fort, sucht neue Wege und will mit einem breit\u00adge\u00adf\u00e4\u00adcher\u00adten sozio\u00adkul\u00adtu\u00adrel\u00adlen Ange\u00adbot ins\u00adbe\u00adson\u00adde\u00adre sozi\u00adal benach\u00adtei\u00adlig\u00adte Men\u00adschen ansprechen.<\/p>\n<p>Am 31. Mai 2022 haben wir den 1. Inklu\u00adsi\u00adons\u00adpreis der Lan\u00addes\u00adhaupt\u00adstadt Pots\u00addam gewonnen.<br>\nSeit M\u00e4rz 2024 hei\u00ad\u00dfen wir Hans Igel - Ver\u00adein f\u00fcr Inklu\u00adsi\u00adon &amp; Theater.<\/p>\n<div><\/div>\n<p><strong>&nbsp;<\/strong><\/p>\n","protected":false},"excerpt":{"rendered":"<p>\u2026 wur\u00adde im Herbst 2008 in Pots\u00addam gegr\u00fcn\u00addet.&nbsp; Die Gr\u00fcn\u00addungs\u00admit\u00adglie\u00adder sind Leiter*innen und Teilnehmer*innen sehr unter\u00adschied\u00adli\u00adcher Inte\u00adgra\u00adti\u00adons\u00adpro\u00adjek\u00adte der ver\u00adgan\u00adge\u00adnen Jah\u00adre und ein akti\u00adver Freun\u00addes\u00adkreis. Die Akti\u00advi\u00adt\u00e4\u00adten began\u00adnen 2001 im Pots\u00adda\u00admer Haus der Begeg\u00adnung: Men\u00adschen mit und ohne Behin\u00adde\u00adrung, Migrant*innen, Kin\u00adder, Jugend\u00adli\u00adche und Senio\u00adrin\u00adnen spiel\u00adten hier gemein\u00adsam Thea\u00adter und mach\u00adten den Inte\u00adgra\u00adti\u00adons\u00adge\u00addan\u00adken f\u00fcr die \u00d6ffent\u00adlich\u00adkeit erleb\u00adbar. \u2026 <a href=\"http:\/\/hans-igel.de\/?page_id=5\" class=\"more-link\"><span class=\"screen-reader-text\">Ver\u00adein<\/span> wei\u00adter\u00adle\u00adsen <span class=\"meta-nav\">\u2192<\/span><\/a><\/p>\n","protected":false},"author":1,"featured_media":0,"parent":0,"menu_order":0,"comment_status":"closed","ping_status":"closed","template":"","meta":{"sfsi_plus_gutenberg_text_before_share":"","sfsi_plus_gutenberg_show_text_before_share":"","sfsi_plus_gutenberg_icon_type":"","sfsi_plus_gutenberg_icon_alignemt":"","sfsi_plus_gutenburg_max_per_row":"","wp_typography_post_enhancements_disabled":false,"footnotes":""},"class_list":["post-5","page","type-page","status-publish","hentry"],"yoast_head":"<!-- This site is optimized with the Yoast SEO plugin v24.7 - https:\/\/yoast.com\/wordpress\/plugins\/seo\/ -->\n<title>Verein - Hans Igel<\/title>\n<meta name=\"robots\" content=\"index, follow, max-snippet:-1, max-image-preview:large, max-video-preview:-1\" \/>\n<link rel=\"canonical\" href=\"https:\/\/hans-igel.de\/?page_id=5\" \/>\n<meta property=\"og:locale\" content=\"de_DE\" \/>\n<meta property=\"og:type\" content=\"article\" \/>\n<meta property=\"og:title\" content=\"Verein - Hans Igel\" \/>\n<meta property=\"og:description\" content=\"\u2026 wur\u00adde im Herbst 2008 in Pots\u00addam gegr\u00fcn\u00addet.&nbsp; Die Gr\u00fcn\u00addungs\u00admit\u00adglie\u00adder sind Leiter*innen und Teilnehmer*innen sehr unter\u00adschied\u00adli\u00adcher Inte\u00adgra\u00adti\u00adons\u00adpro\u00adjek\u00adte der ver\u00adgan\u00adge\u00adnen Jah\u00adre und ein akti\u00adver Freundeskreis. Die Akti\u00advi\u00adt\u00e4\u00adten began\u00adnen 2001 im Pots\u00adda\u00admer Haus der Begeg\u00adnung: Men\u00adschen mit und ohne Behin\u00adde\u00adrung, Migrant*innen, Kin\u00adder, Jugend\u00adli\u00adche und Senio\u00adrin\u00adnen spiel\u00adten hier gemein\u00adsam Thea\u00adter und mach\u00adten den Inte\u00adgra\u00adti\u00adons\u00adge\u00addan\u00adken f\u00fcr die \u00d6ffent\u00adlich\u00adkeit erlebbar. &hellip; Verein weiterlesen &rarr;\" \/>\n<meta property=\"og:url\" content=\"https:\/\/hans-igel.de\/?page_id=5\" \/>\n<meta property=\"og:site_name\" content=\"Hans Igel\" \/>\n<meta property=\"article:modified_time\" content=\"2025-10-13T08:31:09+00:00\" \/>\n<meta property=\"og:image\" content=\"http:\/\/hans-igel.de\/wp-content\/uploads\/2025\/01\/hansigel.png\" \/>\n<meta name=\"twitter:card\" content=\"summary_large_image\" \/>\n<meta name=\"twitter:label1\" content=\"Gesch\u00e4tzte Lesezeit\" \/>\n\t<meta name=\"twitter:data1\" content=\"2\u00a0Minuten\" \/>\n<script type=\"application\/ld+json\" class=\"yoast-schema-graph\">{\"@context\":\"https:\/\/schema.org\",\"@graph\":[{\"@type\":\"WebPage\",\"@id\":\"https:\/\/hans-igel.de\/?page_id=5\",\"url\":\"https:\/\/hans-igel.de\/?page_id=5\",\"name\":\"Verein - Hans Igel\",\"isPartOf\":{\"@id\":\"http:\/\/hans-igel.de\/#website\"},\"primaryImageOfPage\":{\"@id\":\"https:\/\/hans-igel.de\/?page_id=5#primaryimage\"},\"image\":{\"@id\":\"https:\/\/hans-igel.de\/?page_id=5#primaryimage\"},\"thumbnailUrl\":\"http:\/\/hans-igel.de\/wp-content\/uploads\/2025\/01\/hansigel.png\",\"datePublished\":\"2016-05-10T07:48:53+00:00\",\"dateModified\":\"2025-10-13T08:31:09+00:00\",\"breadcrumb\":{\"@id\":\"https:\/\/hans-igel.de\/?page_id=5#breadcrumb\"},\"inLanguage\":\"de\",\"potentialAction\":[{\"@type\":\"ReadAction\",\"target\":[\"https:\/\/hans-igel.de\/?page_id=5\"]}]},{\"@type\":\"ImageObject\",\"inLanguage\":\"de\",\"@id\":\"https:\/\/hans-igel.de\/?page_id=5#primaryimage\",\"url\":\"http:\/\/hans-igel.de\/wp-content\/uploads\/2025\/01\/hansigel.png\",\"contentUrl\":\"http:\/\/hans-igel.de\/wp-content\/uploads\/2025\/01\/hansigel.png\",\"width\":637,\"height\":123,\"caption\":\"Logo von Hans Igel - Verein f\u00fcr Inklusion & Theater e.V.\"},{\"@type\":\"BreadcrumbList\",\"@id\":\"https:\/\/hans-igel.de\/?page_id=5#breadcrumb\",\"itemListElement\":[{\"@type\":\"ListItem\",\"position\":1,\"name\":\"Startseite\",\"item\":\"http:\/\/hans-igel.de\/\"},{\"@type\":\"ListItem\",\"position\":2,\"name\":\"Verein\"}]},{\"@type\":\"WebSite\",\"@id\":\"http:\/\/hans-igel.de\/#website\",\"url\":\"http:\/\/hans-igel.de\/\",\"name\":\"Hans Igel\",\"description\":\"Verein f\u00fcr Inklusion &amp; Theater e. V. wurde 2008 in Potsdam gegr\u00fcndet und f\u00fchrt Theaterprojekte mit inklusivem Charakter durch.\",\"potentialAction\":[{\"@type\":\"SearchAction\",\"target\":{\"@type\":\"EntryPoint\",\"urlTemplate\":\"http:\/\/hans-igel.de\/?s={search_term_string}\"},\"query-input\":{\"@type\":\"PropertyValueSpecification\",\"valueRequired\":true,\"valueName\":\"search_term_string\"}}],\"inLanguage\":\"de\"}]}<\/script>\n<!-- \/ Yoast SEO plugin. -->","yoast_head_json":{"title":"Verein - Hans Igel","robots":{"index":"index","follow":"follow","max-snippet":"max-snippet:-1","max-image-preview":"max-image-preview:large","max-video-preview":"max-video-preview:-1"},"canonical":"https:\/\/hans-igel.de\/?page_id=5","og_locale":"de_DE","og_type":"article","og_title":"Verein - Hans Igel","og_description":"\u2026 wur\u00adde im Herbst 2008 in Pots\u00addam gegr\u00fcn\u00addet.&nbsp; Die Gr\u00fcn\u00addungs\u00admit\u00adglie\u00adder sind Leiter*innen und Teilnehmer*innen sehr unter\u00adschied\u00adli\u00adcher Inte\u00adgra\u00adti\u00adons\u00adpro\u00adjek\u00adte der ver\u00adgan\u00adge\u00adnen Jah\u00adre und ein akti\u00adver Freundeskreis. Die Akti\u00advi\u00adt\u00e4\u00adten began\u00adnen 2001 im Pots\u00adda\u00admer Haus der Begeg\u00adnung: Men\u00adschen mit und ohne Behin\u00adde\u00adrung, Migrant*innen, Kin\u00adder, Jugend\u00adli\u00adche und Senio\u00adrin\u00adnen spiel\u00adten hier gemein\u00adsam Thea\u00adter und mach\u00adten den Inte\u00adgra\u00adti\u00adons\u00adge\u00addan\u00adken f\u00fcr die \u00d6ffent\u00adlich\u00adkeit erlebbar. &hellip; Verein weiterlesen &rarr;","og_url":"https:\/\/hans-igel.de\/?page_id=5","og_site_name":"Hans Igel","article_modified_time":"2025-10-13T08:31:09+00:00","og_image":[{"url":"http:\/\/hans-igel.de\/wp-content\/uploads\/2025\/01\/hansigel.png","type":"","width":"","height":""}],"twitter_card":"summary_large_image","twitter_misc":{"Gesch\u00e4tzte Lesezeit":"2\u00a0Minuten"},"schema":{"@context":"https:\/\/schema.org","@graph":[{"@type":"WebPage","@id":"https:\/\/hans-igel.de\/?page_id=5","url":"https:\/\/hans-igel.de\/?page_id=5","name":"Verein - Hans Igel","isPartOf":{"@id":"http:\/\/hans-igel.de\/#website"},"primaryImageOfPage":{"@id":"https:\/\/hans-igel.de\/?page_id=5#primaryimage"},"image":{"@id":"https:\/\/hans-igel.de\/?page_id=5#primaryimage"},"thumbnailUrl":"http:\/\/hans-igel.de\/wp-content\/uploads\/2025\/01\/hansigel.png","datePublished":"2016-05-10T07:48:53+00:00","dateModified":"2025-10-13T08:31:09+00:00","breadcrumb":{"@id":"https:\/\/hans-igel.de\/?page_id=5#breadcrumb"},"inLanguage":"de","potentialAction":[{"@type":"ReadAction","target":["https:\/\/hans-igel.de\/?page_id=5"]}]},{"@type":"ImageObject","inLanguage":"de","@id":"https:\/\/hans-igel.de\/?page_id=5#primaryimage","url":"http:\/\/hans-igel.de\/wp-content\/uploads\/2025\/01\/hansigel.png","contentUrl":"http:\/\/hans-igel.de\/wp-content\/uploads\/2025\/01\/hansigel.png","width":637,"height":123,"caption":"Logo von Hans Igel - Verein f\u00fcr Inklusion & Theater e.V."},{"@type":"BreadcrumbList","@id":"https:\/\/hans-igel.de\/?page_id=5#breadcrumb","itemListElement":[{"@type":"ListItem","position":1,"name":"Startseite","item":"http:\/\/hans-igel.de\/"},{"@type":"ListItem","position":2,"name":"Verein"}]},{"@type":"WebSite","@id":"http:\/\/hans-igel.de\/#website","url":"http:\/\/hans-igel.de\/","name":"Hans Igel","description":"Verein f\u00fcr Inklusion &amp; Theater e. V. wurde 2008 in Potsdam gegr\u00fcndet und f\u00fchrt Theaterprojekte mit inklusivem Charakter durch.","potentialAction":[{"@type":"SearchAction","target":{"@type":"EntryPoint","urlTemplate":"http:\/\/hans-igel.de\/?s={search_term_string}"},"query-input":{"@type":"PropertyValueSpecification","valueRequired":true,"valueName":"search_term_string"}}],"inLanguage":"de"}]}},"jetpack_sharing_enabled":true,"_links":{"self":[{"href":"http:\/\/hans-igel.de\/index.php?rest_route=\/wp\/v2\/pages\/5"}],"collection":[{"href":"http:\/\/hans-igel.de\/index.php?rest_route=\/wp\/v2\/pages"}],"about":[{"href":"http:\/\/hans-igel.de\/index.php?rest_route=\/wp\/v2\/types\/page"}],"author":[{"embeddable":true,"href":"http:\/\/hans-igel.de\/index.php?rest_route=\/wp\/v2\/users\/1"}],"replies":[{"embeddable":true,"href":"http:\/\/hans-igel.de\/index.php?rest_route=%2Fwp%2Fv2%2Fcomments&post=5"}],"version-history":[{"count":15,"href":"http:\/\/hans-igel.de\/index.php?rest_route=\/wp\/v2\/pages\/5\/revisions"}],"predecessor-version":[{"id":544,"href":"http:\/\/hans-igel.de\/index.php?rest_route=\/wp\/v2\/pages\/5\/revisions\/544"}],"wp:attachment":[{"href":"http:\/\/hans-igel.de\/index.php?rest_route=%2Fwp%2Fv2%2Fmedia&parent=5"}],"curies":[{"name":"wp","href":"https:\/\/api.w.org\/{rel}","templated":true}]}}