{"id":15,"date":"2016-05-10T07:50:20","date_gmt":"2016-05-10T07:50:20","guid":{"rendered":"http:\/\/probelauf.textur-buero.de\/?page_id=15"},"modified":"2025-03-11T10:33:22","modified_gmt":"2025-03-11T10:33:22","slug":"satzung","status":"publish","type":"page","link":"http:\/\/hans-igel.de\/?page_id=15","title":{"rendered":"Satzung"},"content":{"rendered":"<p><strong>\u00a7 1 Name und Sitz des Vereins<\/strong><\/p>\n<p>1. Der Ver\u00adein f\u00fchrt den Namen Hans Igel \u2013 Ver\u00adein<br>f\u00fcr Inklu\u00adsi\u00adon &amp; Thea\u00adter e.&nbsp;V.<\/p>\n<p>2. Der Sitz des Ver\u00adeins ist Potsdam.<\/p>\n<p>3. Gesch\u00e4fts\u00adjahr ist das Kalenderjahr.<\/p>\n<p><strong>\u00a7 2 Ver\u00adeins\u00adzweck und Gemeinn\u00fctzigkeit<\/strong><\/p>\n<p>1. Der Ver\u00adein ver\u00adfolgt aus\u00adschlie\u00df\u00adlich und unmit\u00adtel\u00adbar gemein\u00adn\u00fct\u00adzi\u00adge Zwe\u00adcke im Sin\u00adne des Abschnitts \u201cSteu\u00ader\u00adbe\u00adg\u00fcns\u00adtig\u00adte Zwe\u00adcke\u201c der Abgabenordnung.<\/p>\n<p>2. Zweck des Ver\u00adeins ist die F\u00f6r\u00adde\u00adrung von Tole\u00adranz in der Gesell\u00adschaft durch Kunst und Kul\u00adtur. Der Sat\u00adzungs\u00adzweck wird ins\u00adbe\u00adson\u00adde\u00adre ver\u00adwirk\u00adlicht durch: sozia\u00adle Arbeit und die Orga\u00adni\u00adsa\u00adti\u00adon und Durch\u00adf\u00fch\u00adrung von sozio\u00adkul\u00adtu\u00adrel\u00adlen Pro\u00adjek\u00adten und Ver\u00adan\u00adstal\u00adtun\u00adgen, das Ange\u00adbot krea\u00adti\u00adver Grup\u00adpen\u00adak\u00adti\u00advi\u00adt\u00e4\u00adten, ins\u00adbe\u00adson\u00adde\u00adre f\u00fcr sozi\u00adal Benach\u00adtei\u00adlig\u00adte wie bei\u00adspiels\u00adwei\u00adse Arbeits\u00adlo\u00adse, Men\u00adschen mit Behin\u00adde\u00adrung oder Men\u00adschen mit Migra\u00adti\u00adons\u00adhin\u00adter\u00adgrund, die Auf\u00adf\u00fch\u00adrung eige\u00adner Thea\u00adter\u00adpro\u00adduk\u00adtio\u00adnen, die tole\u00adran\u00adtes Mit\u00adein\u00adan\u00adder f\u00fcr die \u00d6ffent\u00adlich\u00adkeit erleb\u00adbar machen, die Betei\u00adli\u00adgung des Ver\u00adeins an Initia\u00adti\u00adven, die sich f\u00fcr eine tole\u00adran\u00adte Gesell\u00adschaft enga\u00adgie\u00adren, den Auf\u00adbau von Kon\u00adtak\u00adten und die Zusam\u00admen\u00adar\u00adbeit mit ande\u00adren Ver\u00adei\u00adni\u00adgun\u00adgen und Orga\u00adni\u00adsa\u00adtio\u00adnen \u00e4hn\u00adli\u00adcher Zielsetzung.<\/p>\n<p>3. Der Ver\u00adein ist selbst\u00adlos t\u00e4tig; er ver\u00adfolgt nicht in ers\u00adter Linie eigen\u00adwirt\u00adschaft\u00adli\u00adche Zwecke.<\/p>\n<p>4. Mit\u00adtel des Ver\u00adeins d\u00fcr\u00adfen nur f\u00fcr die sat\u00adzungs\u00adm\u00e4\u00ad\u00dfi\u00adgen Zwe\u00adcke ver\u00adwen\u00addet wer\u00adden. Mit\u00adglie\u00adder erhal\u00adten in ihrer Eigen\u00adschaft als Mit\u00adglie\u00adder kei\u00adne Zuwen\u00addun\u00adgen aus Mit\u00adteln des Vereins.<\/p>\n<p>5. Es darf kei\u00adne Per\u00adson durch Aus\u00adga\u00adben, die dem Zweck der K\u00f6r\u00adper\u00adschaft fremd sind oder durch unver\u00adh\u00e4lt\u00adnis\u00adm\u00e4\u00ad\u00dfig hohe Ver\u00adg\u00fc\u00adtun\u00adgen, beg\u00fcns\u00adtigt werden.<\/p>\n<p>6. Die Mit\u00adar\u00adbeit im Ver\u00adein erfolgt ehren\u00adamt\u00adlich. Durch Vor\u00adstands\u00adbe\u00adschluss k\u00f6n\u00adnen zur Erf\u00fcl\u00adlung der Ver\u00adeins\u00adzwe\u00adcke Hilfs\u00adper\u00adso\u00adnen f\u00fcr ver\u00adtrag\u00adlich zu regeln\u00adde T\u00e4tig\u00adkei\u00adten her\u00adan\u00adge\u00adzo\u00adgen oder Per\u00adso\u00adnal ein\u00adge\u00adstellt wer\u00adden. Die\u00adse sind durch ent\u00adspre\u00adchen\u00adden Ver\u00adtrag an die Wei\u00adsun\u00adgen des Vor\u00adstands gebunden.<\/p>\n<p>7. F\u00fcr die Erf\u00fcl\u00adlung der sat\u00adzungs\u00adm\u00e4\u00ad\u00dfi\u00adgen Zwe\u00adcke sol\u00adlen Stif\u00adtungs\u00admit\u00adtel, Zusch\u00fcs\u00adse, Spen\u00adden und sons\u00adti\u00adge Zuwen\u00addun\u00adgen bean\u00adtragt bzw. ein\u00adge\u00adwor\u00adben werden.<\/p>\n<p><strong>\u00a7 3 Mit\u00adglied\u00adschaft und Mitgliederbeitr\u00e4ge<\/strong><\/p>\n<p>1. Mit\u00adglied oder F\u00f6r\u00adder\u00admit\u00adglied des Ver\u00adeins kann jede nat\u00fcr\u00adli\u00adche oder juris\u00adti\u00adsche Per\u00adson werden.<\/p>\n<p>2. Die Mit\u00adglied\u00adschaft beginnt mit der Auf\u00adnah\u00adme durch den Vor\u00adstand. Bei Min\u00adder\u00adj\u00e4h\u00adri\u00adgen ist die Ein\u00adwil\u00adli\u00adgung eines Erzie\u00adhungs\u00adbe\u00adrech\u00adtig\u00adten erforderlich.<\/p>\n<p>3. Der Aus\u00adtritt zum Quar\u00adtals\u00aden\u00adde muss schrift\u00adlich gegen\u00ad\u00fcber dem Vor\u00adstand erkl\u00e4rt wer\u00adden. Die K\u00fcn\u00addi\u00adgungs\u00adfrist betr\u00e4gt einen&nbsp;Monat.<\/p>\n<p>4. Ein Mit\u00adglied kann aus dem Ver\u00adein aus\u00adge\u00adschlos\u00adsen wer\u00adden, wenn sein Ver\u00adhal\u00adten in gro\u00adber Wei\u00adse gegen die Inter\u00ades\u00adsen des Ver\u00adeins ver\u00adst\u00f6\u00dft. Ein Aus\u00adschluss erfolgt eben\u00adfalls, wenn ein Bei\u00adtrags\u00adr\u00fcck\u00adstand nach zwei\u00adfa\u00adcher Mah\u00adnung nicht aus\u00adge\u00adgli\u00adchen wird. \u00dcber den Aus\u00adschluss ent\u00adschei\u00addet die Mit\u00adglie\u00adder\u00adver\u00adsamm\u00adlung. Dem Mit\u00adglied muss vor der Beschluss\u00adfas\u00adsung Gele\u00adgen\u00adheit zur Recht\u00adfer\u00adti\u00adgung bzw. Stel\u00adlung\u00adnah\u00adme gege\u00adben werden.<\/p>\n<p>5. Die Mit\u00adglied\u00adschaft endet mit dem Tod des Mit\u00adglieds (bei juris\u00adti\u00adschen Per\u00adso\u00adnen mit deren Erl\u00f6schen).<\/p>\n<p>6. Das aus\u00adge\u00adschie\u00adde\u00adne Mit\u00adglied hat kei\u00adnen Anspruch gegen\u00ad\u00fcber dem Vereinsverm\u00f6gen.<\/p>\n<p>7. H\u00f6he und F\u00e4l\u00adlig\u00adkeit der Mit\u00adglieds\u00adbei\u00adtr\u00e4\u00adge setzt die Mit\u00adglie\u00adder\u00adver\u00adsamm\u00adlung fest. Mit\u00adglie\u00adder unter 18 Jah\u00adren sind von der Bei\u00adtrags\u00adzah\u00adlung befreit.<\/p>\n<p><strong>\u00a7 4 Orga\u00adne des Vereins<\/strong><\/p>\n<p>Die Orga\u00adne des Ver\u00adeins sind der Vor\u00adstand und die Mitgliederversammlung.<\/p>\n<p><strong>\u00a7 5 Vorstand<\/strong><\/p>\n<p>1. Der Vor\u00adstand im Sin\u00adne des \u00a7 26 <span class=\"caps\">BGB<\/span> besteht aus der\/dem Vor\u00adsit\u00adzen\u00adden, der\/dem stell\u00adver\u00adtre\u00adten\u00adden Vor\u00adsit\u00adzen\u00adden und dem\/der Kassenf\u00fchrer\/in. Gericht\u00adlich und au\u00dfer\u00adge\u00adricht\u00adlich ver\u00adtre\u00adten je zwei Vor\u00adstands\u00admit\u00adglie\u00adder den Ver\u00adein gemeinsam.<\/p>\n<p>2. Der Vor\u00adstand beschlie\u00dft \u00fcber alle Ver\u00adeins\u00adan\u00adge\u00adle\u00adgen\u00adhei\u00adten, soweit sie nicht eines Beschlus\u00adses der Mit\u00adglie\u00adder\u00adver\u00adsamm\u00adlung bed\u00fcr\u00adfen. Der Vor\u00adstand f\u00fchrt die Beschl\u00fcs\u00adse der Mit\u00adglie\u00adder\u00adver\u00adsamm\u00adlung&nbsp;aus.<\/p>\n<p>3. Auf\u00adga\u00adben des Vor\u00adstands sind: Vor\u00adbe\u00adrei\u00adtung und Ein\u00adbe\u00adru\u00adfung der Mit\u00adglie\u00adder\u00adver\u00adsamm\u00adlung sowie Auf\u00adstel\u00adlung der Tages\u00adord\u00adnung, die ord\u00adnungs\u00adge\u00adm\u00e4\u00ad\u00dfe Buch\u00adf\u00fch\u00adrung und Erstel\u00adlung der Jah\u00adres\u00adbe\u00adrich\u00adte, Initi\u00adie\u00adrung und Steue\u00adrung s\u00e4mt\u00adli\u00adcher Ver\u00adeins\u00adak\u00adti\u00advi\u00adt\u00e4\u00adten, die Ein\u00adset\u00adzung von Hilfs\u00adper\u00adso\u00adnen und die ver\u00adtrag\u00adli\u00adche Rege\u00adlung hin\u00adsicht\u00adlich Inhalt und Umfang der jewei\u00adli\u00adgen T\u00e4tig\u00adkeit sowie hin\u00adsicht\u00adlich der Ver\u00adpflich\u00adtung zum Ein\u00adsatz gem\u00e4\u00df der Ver\u00adeins\u00adsat\u00adzung, die Ein\u00adstel\u00adlung von Per\u00adso\u00adnal und der Abschluss von Arbeits\u00adver\u00adtr\u00e4\u00adgen, Wahr\u00adneh\u00admung der Wei\u00adsungs- und Kon\u00adtroll\u00adpflicht gegen\u00ad\u00fcber ehren\u00adamt\u00adlich T\u00e4ti\u00adgen und Hilfspersonen.<\/p>\n<p>4. Der Vor\u00adstand wird von der Mit\u00adglie\u00adder\u00adver\u00adsamm\u00adlung auf die Dau\u00ader von zwei Jah\u00adren gew\u00e4hlt. Er bleibt im Amt, bis eine Neu\u00adwahl erfolgt ist.<\/p>\n<p>5. Schei\u00addet ein Vor\u00adstands\u00admit\u00adglied vor\u00adzei\u00adtig aus, ist inner\u00adhalb eines Vier\u00adtel\u00adjah\u00adres eine Mit\u00adglie\u00adder\u00adver\u00adsamm\u00adlung ein\u00adzu\u00adbe\u00adru\u00adfen, um Neu\u00adwah\u00adlen durchzuf\u00fchren.<\/p>\n<p>6. Vor\u00adstands\u00adsit\u00adzun\u00adgen wer\u00adden mit ein\u00adw\u00f6\u00adchi\u00adger Frist ein\u00adbe\u00adru\u00adfen. Der Vor\u00adstand ist beschluss\u00adf\u00e4\u00adhig, wenn min\u00addes\u00adtens zwei Vor\u00adstands\u00admit\u00adglie\u00adder anwe\u00adsend&nbsp;sind.<\/p>\n<p>7. \u00dcber die Vor\u00adstands\u00adsit\u00adzun\u00adgen ist ein Beschluss\u00adpro\u00adto\u00adkoll zu f\u00fchren.<\/p>\n<p>8. Der Vor\u00adstand \u00fcbt sei\u00adne T\u00e4tig\u00adkeit ehren\u00adamt\u00adlich&nbsp;aus.<\/p>\n<p><strong>\u00a7 6 Mitgliederversammlung<\/strong><\/p>\n<p>1. Die ordent\u00adli\u00adche Mit\u00adglie\u00adder\u00adver\u00adsamm\u00adlung fin\u00addet ein\u00admal j\u00e4hr\u00adlich&nbsp;statt.<\/p>\n<p>2. Au\u00dfer\u00addem muss eine Mit\u00adglie\u00adder\u00adver\u00adsamm\u00adlung ein\u00adbe\u00adru\u00adfen wer\u00adden, wenn das Inter\u00ades\u00adse des Ver\u00adeins es erfor\u00addert oder wenn min\u00addes\u00adtens 1\/3 der Mit\u00adglie\u00adder die Ein\u00adbe\u00adru\u00adfung schrift\u00adlich unter Anga\u00adbe des Zwecks und der Gr\u00fcn\u00adde verlangt.<\/p>\n<p>3. Jede Mit\u00adglie\u00adder\u00adver\u00adsamm\u00adlung ist vom Vor\u00adstand schrift\u00adlich unter Ein\u00adhal\u00adtung einer Ein\u00adla\u00addungs\u00adfrist von zwei Wochen und unter Anga\u00adbe der Tages\u00adord\u00adnung einzuberufen.<\/p>\n<p>4. Versammlungsleiter\/in ist die\/der Vor\u00adsit\u00adzen\u00adde und im Fal\u00adle ihrer\/seiner Ver\u00adhin\u00adde\u00adrung die\/der stell\u00adver\u00adtre\u00adten\u00adde Vor\u00adsit\u00adzen\u00adde. Soll\u00adten bei\u00adde nicht anwe\u00adsend sein, wird ein\/e Versammlungsleiter\/in von der Mit\u00adglie\u00adder\u00adver\u00adsamm\u00adlung gew\u00e4hlt. Zu Beginn der Mit\u00adglie\u00adder\u00adver\u00adsamm\u00adlung ist ein\/e Schriftf\u00fchrer\/in zu w\u00e4hlen.<\/p>\n<p>5. Jede ord\u00adnungs\u00adge\u00adm\u00e4\u00df ein\u00adbe\u00adru\u00adfe\u00adne Mit\u00adglie\u00adder\u00adver\u00adsamm\u00adlung ist ohne R\u00fcck\u00adsicht auf die Zahl der erschie\u00adne\u00adnen Mit\u00adglie\u00adder beschlussf\u00e4hig.<\/p>\n<p>6. Bei Wah\u00adlen muss eine gehei\u00adme Abstim\u00admung erfol\u00adgen, wenn dies von min\u00addes\u00adtens einem stimm\u00adbe\u00adrech\u00adtig\u00adten Anwe\u00adsen\u00adden gefor\u00addert&nbsp;wird.<\/p>\n<p>7. Min\u00adder\u00adj\u00e4h\u00adri\u00adge haben ab voll\u00adende\u00adtem 15. Lebens\u00adjahr Stimm\u00adrecht in eige\u00adner Per\u00adson. Die Ein\u00adwil\u00adli\u00adgung eines Erzie\u00adhungs\u00adbe\u00adrech\u00adtig\u00adten zur Wahr\u00adneh\u00admung des Wahl\u00adrechts muss vorliegen.<\/p>\n<p>8. Die Mit\u00adglie\u00adder\u00adver\u00adsamm\u00adlung ist f\u00fcr fol\u00adgen\u00adde Ange\u00adle\u00adgen\u00adhei\u00adten zust\u00e4n\u00addig: Wahl und Abwahl des Vor\u00adstands, Wahl eines\/einer Kassenpr\u00fcfers\/in; Ent\u00adge\u00adgen\u00adnah\u00adme des Jah\u00adres\u00adbe\u00adrichts des Vor\u00adstands Ent\u00adge\u00adgen\u00adnah\u00adme des Pr\u00fcf\u00adbe\u00adrichts des\/der Kassenpr\u00fcfers\/in, Ent\u00adlas\u00adtung des Vor\u00adstands, Fest\u00adset\u00adzung der H\u00f6he und F\u00e4l\u00adlig\u00adkeit der Mit\u00adglieds\u00adbei\u00adtr\u00e4\u00adge, Aus\u00adschluss von Mit\u00adglie\u00addern, Beschluss\u00adfas\u00adsung \u00fcber \u00c4nde\u00adrung der Sat\u00adzung und \u00fcber die Auf\u00adl\u00f6\u00adsung des Vereins.<\/p>\n<p>9. Stimm\u00adbe\u00adrech\u00adtigt sind alle Mit\u00adglie\u00adder und F\u00f6r\u00adder\u00admit\u00adglie\u00adder ab voll\u00adende\u00adtem 15. Lebens\u00adjahr. Die Beschl\u00fcs\u00adse der Mit\u00adglie\u00adder\u00adver\u00adsamm\u00adlung wer\u00adden mit ein\u00adfa\u00adcher Mehr\u00adheit der abge\u00adge\u00adbe\u00adnen g\u00fcl\u00adti\u00adgen Stim\u00admen gefasst. Zur \u00c4nde\u00adrung der Sat\u00adzung und des Ver\u00adeins\u00adzwecks ist jedoch eine Mehr\u00adheit von 2\/3 der abge\u00adge\u00adbe\u00adnen g\u00fcl\u00adti\u00adgen Stim\u00admen erforderlich.<\/p>\n<p>10. \u00dcber die Beschl\u00fcs\u00adse der Mit\u00adglie\u00adder\u00adver\u00adsamm\u00adlung ist ein Pro\u00adto\u00adkoll auf\u00adzu\u00adneh\u00admen, das von dem\/der Versammlungsleiter\/in und dem\/der Schriftf\u00fchrer\/in zu unter\u00adschrei\u00adben&nbsp;ist.<\/p>\n<p><strong>\u00a7 7 Kassenpr\u00fcfung<\/strong><\/p>\n<p>1. Die Mit\u00adglie\u00adder\u00adver\u00adsamm\u00adlung w\u00e4hlt f\u00fcr die Dau\u00ader von einem Jahr eine\/n Kassenpr\u00fcfer\/in. Diese\/r darf nicht Mit\u00adglied des Vor\u00adstands sein.<\/p>\n<p>2. Der\/die Kassenpr\u00fcfer\/in hat die Auf\u00adga\u00adbe, das zur\u00fcck\u00adlie\u00adgen\u00adde Gesch\u00e4fts\u00adjahr sach\u00adlich und rech\u00adne\u00adrisch zu pr\u00fc\u00adfen. Dem\/der Kassenpr\u00fcfer\/in sind s\u00e4mt\u00adli\u00adche Unter\u00adla\u00adgen des Ver\u00adeins, Rech\u00adnun\u00adgen, Bank\u00adaus\u00adz\u00fc\u00adge und der\u00adglei\u00adchen zur Ver\u00adf\u00fc\u00adgung zu stellen.<\/p>\n<p>3. Der\/die Kassenpr\u00fcfer\/in erstat\u00adtet der Mit\u00adglie\u00adder\u00adver\u00adsamm\u00adlung einen Pr\u00fcf\u00adbe\u00adricht und bean\u00adtragt bei ord\u00adnungs\u00adge\u00adm\u00e4\u00ad\u00dfer F\u00fch\u00adrung der Kas\u00adsen\u00adge\u00adsch\u00e4f\u00adte die Ent\u00adlas\u00adtung des Vorstands.<\/p>\n<p><strong>\u00a7 8 Ver\u00adeins-Auf\u00adl\u00f6\u00adsung und Anfall des Vereinsverm\u00f6gens<\/strong><\/p>\n<p>1. Zur Auf\u00adl\u00f6\u00adsung des Ver\u00adeins ist bei einer eigens ein\u00adzu\u00adbe\u00adru\u00adfen\u00adden Mit\u00adglie\u00adder\u00adver\u00adsamm\u00adlung eine Mehr\u00adheit von 4\/5 der abge\u00adge\u00adbe\u00adnen g\u00fcl\u00adti\u00adgen Stim\u00admen erforderlich.<\/p>\n<p>2. Die Mit\u00adglie\u00adder\u00adver\u00adsamm\u00adlung bestimmt 2 Vor\u00adstands\u00admit\u00adglie\u00adder als Liquidatoren.<\/p>\n<p>3. Bei Auf\u00adl\u00f6\u00adsung des Ver\u00adeins, Ent\u00adzugs der Rechts\u00adf\u00e4\u00adhig\u00adkeit oder bei Weg\u00adfall steu\u00ader\u00adbe\u00adg\u00fcns\u00adtig\u00adter Zwe\u00adcke f\u00e4llt das Ver\u00adm\u00f6\u00adgen des Ver\u00adeins an das Pari\u00adt\u00e4\u00adti\u00adsche Sozi\u00adal- und Bera\u00adtungs\u00adzen\u00adtrum gGmbH, Tor\u00adnow\u00adstr. 48, 14473 Pots\u00addam, das es als Tr\u00e4\u00adger f\u00fcr das Haus der Begeg\u00adnung, Zum Teu\u00adfels\u00adsee 30, 14478 Pots\u00addam, und unmit\u00adtel\u00adbar und aus\u00adschlie\u00df\u00adlich f\u00fcr gemein\u00adn\u00fct\u00adzi\u00adge und mild\u00adt\u00e4\u00adti\u00adge Zwe\u00adcke zu ver\u00adwen\u00adden&nbsp;hat.<\/p>\n<p>Pots\u00addam, Sat\u00adzung in der Fas\u00adsung vom 01.07.2024<\/p>\n<p>Die Sat\u00adzung fin\u00adden Sie hier zum Down\u00adload als pdf-Datei: &nbsp; &nbsp; &nbsp; &nbsp; &nbsp; &nbsp; &nbsp; &nbsp; &nbsp; &nbsp; &nbsp; &nbsp; &nbsp; <a href=\"http:\/\/hans-igel.de\/wp-content\/uploads\/2025\/03\/IGEL-Satzung.pdf\" target=\"_blank\" rel=\"noopener\"><span class=\"caps\">IGEL<\/span> Sat\u00adzung<\/a><\/p>\n\n\n<p><\/p>\n","protected":false},"excerpt":{"rendered":"<p>\u00a7 1 Name und Sitz des Ver\u00adeins 1. Der Ver\u00adein f\u00fchrt den Namen Hans Igel \u2013 Ver\u00adeinf\u00fcr Inklu\u00adsi\u00adon &amp; Thea\u00adter e.&nbsp;V. 2. Der Sitz des Ver\u00adeins ist Pots\u00addam. 3. Gesch\u00e4fts\u00adjahr ist das Kalen\u00adder\u00adjahr. \u00a7 2 Ver\u00adeins\u00adzweck und Gemein\u00adn\u00fct\u00adzig\u00adkeit 1. Der Ver\u00adein ver\u00adfolgt aus\u00adschlie\u00df\u00adlich und unmit\u00adtel\u00adbar gemein\u00adn\u00fct\u00adzi\u00adge Zwe\u00adcke im Sin\u00adne des Abschnitts \u201cSteu\u00ader\u00adbe\u00adg\u00fcns\u00adtig\u00adte Zwe\u00adcke\u201c der Abga\u00adben\u00adord\u00adnung. \u2026 <a href=\"http:\/\/hans-igel.de\/?page_id=15\" class=\"more-link\"><span class=\"screen-reader-text\">Sat\u00adzung<\/span> wei\u00adter\u00adle\u00adsen <span class=\"meta-nav\">\u2192<\/span><\/a><\/p>\n","protected":false},"author":1,"featured_media":0,"parent":0,"menu_order":0,"comment_status":"closed","ping_status":"closed","template":"","meta":{"sfsi_plus_gutenberg_text_before_share":"","sfsi_plus_gutenberg_show_text_before_share":"","sfsi_plus_gutenberg_icon_type":"","sfsi_plus_gutenberg_icon_alignemt":"","sfsi_plus_gutenburg_max_per_row":"","wp_typography_post_enhancements_disabled":false,"footnotes":""},"class_list":["post-15","page","type-page","status-publish","hentry"],"yoast_head":"<!-- This site is optimized with the Yoast SEO plugin v24.7 - https:\/\/yoast.com\/wordpress\/plugins\/seo\/ -->\n<title>Satzung - Hans Igel<\/title>\n<meta name=\"robots\" content=\"index, follow, max-snippet:-1, max-image-preview:large, max-video-preview:-1\" \/>\n<link rel=\"canonical\" href=\"http:\/\/hans-igel.de\/?page_id=15\" \/>\n<meta property=\"og:locale\" content=\"de_DE\" \/>\n<meta property=\"og:type\" content=\"article\" \/>\n<meta property=\"og:title\" content=\"Satzung - Hans Igel\" \/>\n<meta property=\"og:description\" content=\"\u00a7 1 Name und Sitz des Vereins 1. Der Ver\u00adein f\u00fchrt den Namen Hans Igel \u2013 Ver\u00adeinf\u00fcr Inklu\u00adsi\u00adon &amp; Thea\u00adter e.&nbsp;V. 2. Der Sitz des Ver\u00adeins ist Potsdam. 3. Gesch\u00e4fts\u00adjahr ist das Kalenderjahr. \u00a7 2 Ver\u00adeins\u00adzweck und Gemeinn\u00fctzigkeit 1. Der Ver\u00adein ver\u00adfolgt aus\u00adschlie\u00df\u00adlich und unmit\u00adtel\u00adbar gemein\u00adn\u00fct\u00adzi\u00adge Zwe\u00adcke im Sin\u00adne des Abschnitts \u201cSteu\u00ader\u00adbe\u00adg\u00fcns\u00adtig\u00adte Zwe\u00adcke\u201c der Abgabenordnung. &hellip; Satzung weiterlesen &rarr;\" \/>\n<meta property=\"og:url\" content=\"http:\/\/hans-igel.de\/?page_id=15\" \/>\n<meta property=\"og:site_name\" content=\"Hans Igel\" \/>\n<meta property=\"article:modified_time\" content=\"2025-03-11T10:33:22+00:00\" \/>\n<meta name=\"twitter:card\" content=\"summary_large_image\" \/>\n<meta name=\"twitter:label1\" content=\"Gesch\u00e4tzte Lesezeit\" \/>\n\t<meta name=\"twitter:data1\" content=\"6\u00a0Minuten\" \/>\n<script type=\"application\/ld+json\" class=\"yoast-schema-graph\">{\"@context\":\"https:\/\/schema.org\",\"@graph\":[{\"@type\":\"WebPage\",\"@id\":\"http:\/\/hans-igel.de\/?page_id=15\",\"url\":\"http:\/\/hans-igel.de\/?page_id=15\",\"name\":\"Satzung - Hans Igel\",\"isPartOf\":{\"@id\":\"http:\/\/hans-igel.de\/#website\"},\"datePublished\":\"2016-05-10T07:50:20+00:00\",\"dateModified\":\"2025-03-11T10:33:22+00:00\",\"breadcrumb\":{\"@id\":\"http:\/\/hans-igel.de\/?page_id=15#breadcrumb\"},\"inLanguage\":\"de\",\"potentialAction\":[{\"@type\":\"ReadAction\",\"target\":[\"http:\/\/hans-igel.de\/?page_id=15\"]}]},{\"@type\":\"BreadcrumbList\",\"@id\":\"http:\/\/hans-igel.de\/?page_id=15#breadcrumb\",\"itemListElement\":[{\"@type\":\"ListItem\",\"position\":1,\"name\":\"Startseite\",\"item\":\"http:\/\/hans-igel.de\/\"},{\"@type\":\"ListItem\",\"position\":2,\"name\":\"Satzung\"}]},{\"@type\":\"WebSite\",\"@id\":\"http:\/\/hans-igel.de\/#website\",\"url\":\"http:\/\/hans-igel.de\/\",\"name\":\"Hans Igel\",\"description\":\"Verein f\u00fcr Inklusion &amp; Theater e. V. wurde 2008 in Potsdam gegr\u00fcndet und f\u00fchrt Theaterprojekte mit inklusivem Charakter durch.\",\"potentialAction\":[{\"@type\":\"SearchAction\",\"target\":{\"@type\":\"EntryPoint\",\"urlTemplate\":\"http:\/\/hans-igel.de\/?s={search_term_string}\"},\"query-input\":{\"@type\":\"PropertyValueSpecification\",\"valueRequired\":true,\"valueName\":\"search_term_string\"}}],\"inLanguage\":\"de\"}]}<\/script>\n<!-- \/ Yoast SEO plugin. -->","yoast_head_json":{"title":"Satzung - Hans Igel","robots":{"index":"index","follow":"follow","max-snippet":"max-snippet:-1","max-image-preview":"max-image-preview:large","max-video-preview":"max-video-preview:-1"},"canonical":"http:\/\/hans-igel.de\/?page_id=15","og_locale":"de_DE","og_type":"article","og_title":"Satzung - Hans Igel","og_description":"\u00a7 1 Name und Sitz des Vereins 1. Der Ver\u00adein f\u00fchrt den Namen Hans Igel \u2013 Ver\u00adeinf\u00fcr Inklu\u00adsi\u00adon &amp; Thea\u00adter e.&nbsp;V. 2. Der Sitz des Ver\u00adeins ist Potsdam. 3. Gesch\u00e4fts\u00adjahr ist das Kalenderjahr. \u00a7 2 Ver\u00adeins\u00adzweck und Gemeinn\u00fctzigkeit 1. Der Ver\u00adein ver\u00adfolgt aus\u00adschlie\u00df\u00adlich und unmit\u00adtel\u00adbar gemein\u00adn\u00fct\u00adzi\u00adge Zwe\u00adcke im Sin\u00adne des Abschnitts \u201cSteu\u00ader\u00adbe\u00adg\u00fcns\u00adtig\u00adte Zwe\u00adcke\u201c der Abgabenordnung. &hellip; Satzung weiterlesen &rarr;","og_url":"http:\/\/hans-igel.de\/?page_id=15","og_site_name":"Hans Igel","article_modified_time":"2025-03-11T10:33:22+00:00","twitter_card":"summary_large_image","twitter_misc":{"Gesch\u00e4tzte Lesezeit":"6\u00a0Minuten"},"schema":{"@context":"https:\/\/schema.org","@graph":[{"@type":"WebPage","@id":"http:\/\/hans-igel.de\/?page_id=15","url":"http:\/\/hans-igel.de\/?page_id=15","name":"Satzung - Hans Igel","isPartOf":{"@id":"http:\/\/hans-igel.de\/#website"},"datePublished":"2016-05-10T07:50:20+00:00","dateModified":"2025-03-11T10:33:22+00:00","breadcrumb":{"@id":"http:\/\/hans-igel.de\/?page_id=15#breadcrumb"},"inLanguage":"de","potentialAction":[{"@type":"ReadAction","target":["http:\/\/hans-igel.de\/?page_id=15"]}]},{"@type":"BreadcrumbList","@id":"http:\/\/hans-igel.de\/?page_id=15#breadcrumb","itemListElement":[{"@type":"ListItem","position":1,"name":"Startseite","item":"http:\/\/hans-igel.de\/"},{"@type":"ListItem","position":2,"name":"Satzung"}]},{"@type":"WebSite","@id":"http:\/\/hans-igel.de\/#website","url":"http:\/\/hans-igel.de\/","name":"Hans Igel","description":"Verein f\u00fcr Inklusion &amp; Theater e. V. wurde 2008 in Potsdam gegr\u00fcndet und f\u00fchrt Theaterprojekte mit inklusivem Charakter durch.","potentialAction":[{"@type":"SearchAction","target":{"@type":"EntryPoint","urlTemplate":"http:\/\/hans-igel.de\/?s={search_term_string}"},"query-input":{"@type":"PropertyValueSpecification","valueRequired":true,"valueName":"search_term_string"}}],"inLanguage":"de"}]}},"jetpack_sharing_enabled":true,"_links":{"self":[{"href":"http:\/\/hans-igel.de\/index.php?rest_route=\/wp\/v2\/pages\/15"}],"collection":[{"href":"http:\/\/hans-igel.de\/index.php?rest_route=\/wp\/v2\/pages"}],"about":[{"href":"http:\/\/hans-igel.de\/index.php?rest_route=\/wp\/v2\/types\/page"}],"author":[{"embeddable":true,"href":"http:\/\/hans-igel.de\/index.php?rest_route=\/wp\/v2\/users\/1"}],"replies":[{"embeddable":true,"href":"http:\/\/hans-igel.de\/index.php?rest_route=%2Fwp%2Fv2%2Fcomments&post=15"}],"version-history":[{"count":13,"href":"http:\/\/hans-igel.de\/index.php?rest_route=\/wp\/v2\/pages\/15\/revisions"}],"predecessor-version":[{"id":509,"href":"http:\/\/hans-igel.de\/index.php?rest_route=\/wp\/v2\/pages\/15\/revisions\/509"}],"wp:attachment":[{"href":"http:\/\/hans-igel.de\/index.php?rest_route=%2Fwp%2Fv2%2Fmedia&parent=15"}],"curies":[{"name":"wp","href":"https:\/\/api.w.org\/{rel}","templated":true}]}}